{"id":1421,"date":"2026-02-10T21:40:47","date_gmt":"2026-02-10T20:40:47","guid":{"rendered":"https:\/\/cafe-rio-lejos.com\/?page_id=1421"},"modified":"2026-04-24T22:22:55","modified_gmt":"2026-04-24T20:22:55","slug":"naturschutzgebiet","status":"publish","type":"page","link":"https:\/\/cafe-rio-lejos.com\/de\/impact\/nature-reserve\/","title":{"rendered":"Das Naturschutzgebiet \u00c1nima la Vida"},"content":{"rendered":"<h2 class=\"wp-block-heading\">Umwandlung der Farm in ein Naturreservat<\/h2>\n\n\n\n<p>Finca la Esmeralda liegt an zwei Fl\u00fcssen inmitten einer abwechslungsreichen Gebirgslandschaft, die verschiedene \u00d6kosysteme miteinander verbindet. Daher beherbergt sie eine enorme Vielfalt an Pflanzen und Tieren. In den nat\u00fcrlichen Waldbest\u00e4nden haben wir \u00fcber 130 Baumarten erfasst, darunter viele endemische und gef\u00e4hrdete Arten. Mehr als 80 Vogelarten haben wir bereits identifiziert. Wir m\u00f6chten diese enorme Biodiversit\u00e4t sch\u00fctzen und erweitern und sie durch unsere Baumschule auch anderen Fincas und Wiederaufforstungsprojekten zug\u00e4nglich machen.<\/p>\n\n\n\n<p>Wir f\u00f6rdern die Renaturierung einer einzigartigen Naturlandschaft, indem wir bestehende Waldinseln vergr\u00f6\u00dfern und die beiden Dschungelgebiete unserer Farm durch \u00f6kologische Korridore mit benachbarten Waldinseln verbinden. Wir experimentieren mit Methoden zur \u00f6kologischen Sanierung von B\u00f6den, die durch Rinderbeweidung gesch\u00e4digt und von aggressiven, invasiven Gr\u00e4sern und Farnen \u00fcberwuchert waren.<\/p>\n\n\n\n<p>Auf den ehemaligen Rinderweiden pflanzen wir eine gro\u00dfe Vielfalt einheimischer Baumarten. Statt kahlem Gras und Weidefl\u00e4chen f\u00fcr Nutztiere wandert man nun durch einen lichten Jungwald, in dem bunte V\u00f6gel, Schmetterlinge und andere Tiere umherschwirren. So sch\u00fctzen und f\u00f6rdern wir die Artenvielfalt in einer \u00f6kologisch besonders wertvollen, aber auch sensiblen Region. Das kolumbianische Ministerium f\u00fcr Umwelt und nachhaltige Entwicklung hat diesen Beitrag gew\u00fcrdigt und unsere Farm Ende 2022 als \u201cNaturschutzgebiet der Zivilgesellschaft\u201d anerkannt.<\/p>\n\n\n\n<figure class=\"wp-block-gallery has-nested-images columns-default is-cropped wp-block-gallery-1 is-layout-flex wp-block-gallery-is-layout-flex\">\n<figure class=\"wp-block-image size-large\"><img fetchpriority=\"high\" decoding=\"async\" width=\"1024\" height=\"771\" data-id=\"1498\" src=\"https:\/\/cafe-rio-lejos.com\/wp-content\/uploads\/2026\/02\/impact-1024x771.webp\" alt=\"\" class=\"wp-image-1498\" srcset=\"https:\/\/cafe-rio-lejos.com\/wp-content\/uploads\/2026\/02\/impact-1024x771.webp 1024w, https:\/\/cafe-rio-lejos.com\/wp-content\/uploads\/2026\/02\/impact-300x226.webp 300w, https:\/\/cafe-rio-lejos.com\/wp-content\/uploads\/2026\/02\/impact-768x578.webp 768w, https:\/\/cafe-rio-lejos.com\/wp-content\/uploads\/2026\/02\/impact-1536x1157.webp 1536w, https:\/\/cafe-rio-lejos.com\/wp-content\/uploads\/2026\/02\/impact-600x452.webp 600w, https:\/\/cafe-rio-lejos.com\/wp-content\/uploads\/2026\/02\/impact.webp 1600w\" sizes=\"(max-width: 1024px) 100vw, 1024px\" \/><\/figure>\n\n\n\n<figure class=\"wp-block-image size-large\"><img decoding=\"async\" width=\"1024\" height=\"768\" data-id=\"1983\" src=\"https:\/\/cafe-rio-lejos.com\/wp-content\/uploads\/2026\/03\/Coffee-bees-1024x768.webp\" alt=\"\" class=\"wp-image-1983\" srcset=\"https:\/\/cafe-rio-lejos.com\/wp-content\/uploads\/2026\/03\/Coffee-bees-1024x768.webp 1024w, https:\/\/cafe-rio-lejos.com\/wp-content\/uploads\/2026\/03\/Coffee-bees-300x225.webp 300w, https:\/\/cafe-rio-lejos.com\/wp-content\/uploads\/2026\/03\/Coffee-bees-768x576.webp 768w, https:\/\/cafe-rio-lejos.com\/wp-content\/uploads\/2026\/03\/Coffee-bees-1536x1152.webp 1536w, https:\/\/cafe-rio-lejos.com\/wp-content\/uploads\/2026\/03\/Coffee-bees-600x450.webp 600w, https:\/\/cafe-rio-lejos.com\/wp-content\/uploads\/2026\/03\/Coffee-bees.webp 1800w\" sizes=\"(max-width: 1024px) 100vw, 1024px\" \/><figcaption class=\"wp-element-caption\">1<\/figcaption><\/figure>\n\n\n\n<figure class=\"wp-block-image size-large\"><img decoding=\"async\" data-id=\"1818\" src=\"https:\/\/cafe-rio-lejos.com\/wp-content\/uploads\/2026\/03\/Futterstelle-1024x768.jpg\" alt=\"\" class=\"wp-image-1818\"\/><\/figure>\n<\/figure>\n\n\n\n<h2 class=\"wp-block-heading\">Erfahrungen mit \u00f6kologischer Restaurierung<\/h2>\n\n\n\n<p>Guamos, Arbolocos, Yarumos und Nig\u00fcitos sind Pionierpflanzen, die ausgelaugte B\u00f6den wieder fruchtbar machen k\u00f6nnen. Weitere wichtige Pflanzen f\u00fcr die Renaturierung sind Vainillo-, Carbonero- und Chachafruto-B\u00e4ume. Sie tragen zur Humusbildung und nat\u00fcrlichen D\u00fcngung bei, indem Bakterien in ihren Wurzeln Stickstoff aus der Luft binden und \u00fcber herabfallende Bl\u00e4tter und Zweige weitergeben. Die Bodensanierung durch Anreicherung organischer Substanz verbessert die Aktivit\u00e4t von Mikroorganismen und f\u00f6rdert die Waldregeneration und den Kaffeeanbau unter Schattenb\u00e4umen.<\/p>\n\n\n\n<p>Mit fortschreitender Bewaldung verbessert sich die Kapazit\u00e4t des Bodens, Wasser zu speichern. Erosion nimmt ab und das Mikroklima erholt sich. Gef\u00e4hrdete Baumarten wie der Anden-Walnussbaum (Cedro Negro), die Anden-Eiche (Roble) und die Wachspalme sowie verschiedene Kautschuk- und Lorbeerarten bilden nun einen jungen, neuen Wald. Wir finden ihre Samen und Setzlinge in unserem Wald oder erhalten sie von befreundeten Farmen, Naturschutzgebieten und anderen Baumschulen.<\/p>\n\n\n\n<p>Jeder Kauf von Caf\u00e9 R\u00edo Lejos tr\u00e4gt zu dieser langfristigen Arbeit bei. Der Kaffeeanbau hilft, Wiederaufforstungsma\u00dfnahmen, die \u00dcberwachung und den Schutz von sich regenerierenden Waldgebieten zu finanzieren.<\/p>\n\n\n\n<div style=\"height:20px\" aria-hidden=\"true\" class=\"wp-block-spacer\"><\/div>\n\n\n\n<div class=\"wp-block-group is-nowrap is-layout-flex wp-container-core-group-is-layout-6c531013 wp-block-group-is-layout-flex\">\n<div class=\"wp-block-buttons is-layout-flex wp-block-buttons-is-layout-flex\">\n<div class=\"wp-block-button\"><a class=\"wp-block-button__link has-background wp-element-button\" href=\"https:\/\/cafe-rio-lejos.com\/de\/geschaft\/\" style=\"background-color:#443632\">Caf\u00e9 R\u00edo Lejos bestellen<\/a><\/div>\n\n\n\n<div class=\"wp-block-button is-style-outline is-style-outline--2\"><a class=\"wp-block-button__link has-text-color has-link-color wp-element-button\" href=\"https:\/\/cafe-rio-lejos.com\/de\/kaffeetour\/\" style=\"border-width:1px;color:#443632\">Besuchen Sie unser Reservat<\/a><\/div>\n<\/div>\n<\/div>\n\n\n\n<p><\/p>","protected":false},"excerpt":{"rendered":"<p>Die enorme Artenvielfalt und die Vernetzung von Waldfragmenten, Wasserl\u00e4ufen und verschiedenen Klimazonen machen Finca la Esmeralda \u00f6kologisch besonders wertvoll.<\/p>","protected":false},"author":3,"featured_media":1474,"parent":1393,"menu_order":0,"comment_status":"closed","ping_status":"closed","template":"","meta":{"footnotes":""},"class_list":["post-1421","page","type-page","status-publish","has-post-thumbnail","hentry"],"_links":{"self":[{"href":"https:\/\/cafe-rio-lejos.com\/de\/wp-json\/wp\/v2\/pages\/1421","targetHints":{"allow":["GET"]}}],"collection":[{"href":"https:\/\/cafe-rio-lejos.com\/de\/wp-json\/wp\/v2\/pages"}],"about":[{"href":"https:\/\/cafe-rio-lejos.com\/de\/wp-json\/wp\/v2\/types\/page"}],"author":[{"embeddable":true,"href":"https:\/\/cafe-rio-lejos.com\/de\/wp-json\/wp\/v2\/users\/3"}],"replies":[{"embeddable":true,"href":"https:\/\/cafe-rio-lejos.com\/de\/wp-json\/wp\/v2\/comments?post=1421"}],"version-history":[{"count":22,"href":"https:\/\/cafe-rio-lejos.com\/de\/wp-json\/wp\/v2\/pages\/1421\/revisions"}],"predecessor-version":[{"id":2706,"href":"https:\/\/cafe-rio-lejos.com\/de\/wp-json\/wp\/v2\/pages\/1421\/revisions\/2706"}],"up":[{"embeddable":true,"href":"https:\/\/cafe-rio-lejos.com\/de\/wp-json\/wp\/v2\/pages\/1393"}],"wp:featuredmedia":[{"embeddable":true,"href":"https:\/\/cafe-rio-lejos.com\/de\/wp-json\/wp\/v2\/media\/1474"}],"wp:attachment":[{"href":"https:\/\/cafe-rio-lejos.com\/de\/wp-json\/wp\/v2\/media?parent=1421"}],"curies":[{"name":"wp","href":"https:\/\/api.w.org\/{rel}","templated":true}]}}